{"id":24412,"date":"2018-05-22T11:26:55","date_gmt":"2018-05-22T10:26:55","guid":{"rendered":"https:\/\/farolesdeforja.es\/producto\/farol-la-guardia\/"},"modified":"2025-06-09T12:03:11","modified_gmt":"2025-06-09T11:03:11","slug":"la-guardia-lantern","status":"publish","type":"product","link":"https:\/\/farolesdeforja.es\/en\/tienda\/lanterns\/hanging-lanterns\/la-guardia-lantern\/","title":{"rendered":"&#8216;La Guardia&#8217; Lantern"},"content":{"rendered":"<p>Arabic-style ceiling lantern rescued from old catalogs from the early 20th century. The details of the columns and the ceiling ornaments make it ideal for decorating old and luxurious rooms. Made of tin metal and clear glass.<\/p>\n<p>Available in various colors.<\/p>\n","protected":false},"excerpt":{"rendered":"<p><strong>Material<\/strong>: Tin-coated steel sheet, glass.<\/p>\n","protected":false},"featured_media":20705,"template":"","meta":{"inline_featured_image":false,"_uag_custom_page_level_css":"","site-sidebar-layout":"default","site-content-layout":"","ast-site-content-layout":"default","site-content-style":"default","site-sidebar-style":"default","ast-global-header-display":"","ast-banner-title-visibility":"","ast-main-header-display":"","ast-hfb-above-header-display":"","ast-hfb-below-header-display":"","ast-hfb-mobile-header-display":"","site-post-title":"","ast-breadcrumbs-content":"","ast-featured-img":"","footer-sml-layout":"","ast-disable-related-posts":"","theme-transparent-header-meta":"default","adv-header-id-meta":"","stick-header-meta":"","header-above-stick-meta":"","header-main-stick-meta":"","header-below-stick-meta":"","astra-migrate-meta-layouts":"set","ast-page-background-enabled":"default","ast-page-background-meta":{"desktop":{"background-color":"var(--ast-global-color-4)","background-image":"","background-repeat":"repeat","background-position":"center center","background-size":"auto","background-attachment":"scroll","background-type":"","background-media":"","overlay-type":"","overlay-color":"","overlay-opacity":"","overlay-gradient":""},"tablet":{"background-color":"","background-image":"","background-repeat":"repeat","background-position":"center center","background-size":"auto","background-attachment":"scroll","background-type":"","background-media":"","overlay-type":"","overlay-color":"","overlay-opacity":"","overlay-gradient":""},"mobile":{"background-color":"","background-image":"","background-repeat":"repeat","background-position":"center center","background-size":"auto","background-attachment":"scroll","background-type":"","background-media":"","overlay-type":"","overlay-color":"","overlay-opacity":"","overlay-gradient":""}},"ast-content-background-meta":{"desktop":{"background-color":"var(--ast-global-color-5)","background-image":"","background-repeat":"repeat","background-position":"center center","background-size":"auto","background-attachment":"scroll","background-type":"","background-media":"","overlay-type":"","overlay-color":"","overlay-opacity":"","overlay-gradient":""},"tablet":{"background-color":"var(--ast-global-color-5)","background-image":"","background-repeat":"repeat","background-position":"center center","background-size":"auto","background-attachment":"scroll","background-type":"","background-media":"","overlay-type":"","overlay-color":"","overlay-opacity":"","overlay-gradient":""},"mobile":{"background-color":"var(--ast-global-color-5)","background-image":"","background-repeat":"repeat","background-position":"center center","background-size":"auto","background-attachment":"scroll","background-type":"","background-media":"","overlay-type":"","overlay-color":"","overlay-opacity":"","overlay-gradient":""}}},"product_brand":[],"product_cat":[556,649],"product_tag":[666,768],"class_list":{"0":"post-24412","1":"product","2":"type-product","3":"status-publish","4":"has-post-thumbnail","6":"product_cat-hanging-lanterns","7":"product_cat-new","8":"product_tag-ceiling-lantern","9":"product_tag-farol-barroco-en","10":"desktop-align-center","11":"tablet-align-left","12":"mobile-align-center","14":"first","15":"instock","16":"shipping-taxable","17":"purchasable","18":"product-type-variable","19":"has-default-attributes"},"yoast_head":"<!-- This site is optimized with the Yoast SEO plugin v27.4 - https:\/\/yoast.com\/product\/yoast-seo-wordpress\/ -->\n<title>&#039;La Guardia&#039; Lantern | Salcedo Sevilla<\/title>\n<meta name=\"description\" content=\"Early 20th-century Baroque-style ceiling lantern. Featuring columns and ceiling ornaments, it&#039;s ideal for decorating luxurious, antique rooms. &gt;&gt; FREE SHIPPING\" \/>\n<meta name=\"robots\" content=\"index, follow, max-snippet:-1, max-image-preview:large, max-video-preview:-1\" \/>\n<link rel=\"canonical\" href=\"https:\/\/farolesdeforja.es\/en\/tienda\/lanterns\/hanging-lanterns\/la-guardia-lantern\/\" \/>\n<meta property=\"og:locale\" content=\"en_US\" \/>\n<meta property=\"og:type\" content=\"article\" \/>\n<meta property=\"og:title\" content=\"&#039;La Guardia&#039; Lantern | Salcedo Sevilla\" \/>\n<meta property=\"og:description\" content=\"Early 20th-century Baroque-style ceiling lantern. Featuring columns and ceiling ornaments, it&#039;s ideal for decorating luxurious, antique rooms. &gt;&gt; FREE SHIPPING\" \/>\n<meta property=\"og:url\" content=\"https:\/\/farolesdeforja.es\/en\/tienda\/lanterns\/hanging-lanterns\/la-guardia-lantern\/\" \/>\n<meta property=\"og:site_name\" content=\"Faroles de forja y Mobiliario de forja art\u00edstica | Artesan\u00eda Salcedo Sevilla\" \/>\n<meta property=\"article:publisher\" content=\"https:\/\/www.facebook.com\/salcedosevilla\" \/>\n<meta property=\"article:modified_time\" content=\"2025-06-09T11:03:11+00:00\" \/>\n<meta property=\"og:image\" content=\"https:\/\/farolesdeforja.es\/wp-content\/uploads\/2018\/05\/farol-la-guardia-1xe27-1.jpg\" \/>\n\t<meta property=\"og:image:width\" content=\"800\" \/>\n\t<meta property=\"og:image:height\" content=\"800\" \/>\n\t<meta property=\"og:image:type\" content=\"image\/jpeg\" \/>\n<meta name=\"twitter:card\" content=\"summary_large_image\" \/>\n<meta name=\"twitter:label1\" content=\"Est. reading time\" \/>\n\t<meta name=\"twitter:data1\" content=\"1 minute\" \/>\n<script type=\"application\/ld+json\" class=\"yoast-schema-graph\">{\"@context\":\"https:\\\/\\\/schema.org\",\"@graph\":[{\"@type\":\"WebPage\",\"@id\":\"https:\\\/\\\/farolesdeforja.es\\\/en\\\/tienda\\\/lanterns\\\/hanging-lanterns\\\/la-guardia-lantern\\\/\",\"url\":\"https:\\\/\\\/farolesdeforja.es\\\/en\\\/tienda\\\/lanterns\\\/hanging-lanterns\\\/la-guardia-lantern\\\/\",\"name\":\"'La Guardia' Lantern | Salcedo Sevilla\",\"isPartOf\":{\"@id\":\"https:\\\/\\\/farolesdeforja.es\\\/en\\\/#website\"},\"primaryImageOfPage\":{\"@id\":\"https:\\\/\\\/farolesdeforja.es\\\/en\\\/tienda\\\/lanterns\\\/hanging-lanterns\\\/la-guardia-lantern\\\/#primaryimage\"},\"image\":{\"@id\":\"https:\\\/\\\/farolesdeforja.es\\\/en\\\/tienda\\\/lanterns\\\/hanging-lanterns\\\/la-guardia-lantern\\\/#primaryimage\"},\"thumbnailUrl\":\"https:\\\/\\\/farolesdeforja.es\\\/wp-content\\\/uploads\\\/2018\\\/05\\\/farol-la-guardia-1xe27-1.jpg\",\"datePublished\":\"2018-05-22T10:26:55+00:00\",\"dateModified\":\"2025-06-09T11:03:11+00:00\",\"description\":\"Early 20th-century Baroque-style ceiling lantern. Featuring columns and ceiling ornaments, it's ideal for decorating luxurious, antique rooms. >> FREE SHIPPING\",\"breadcrumb\":{\"@id\":\"https:\\\/\\\/farolesdeforja.es\\\/en\\\/tienda\\\/lanterns\\\/hanging-lanterns\\\/la-guardia-lantern\\\/#breadcrumb\"},\"inLanguage\":\"en-US\",\"potentialAction\":[{\"@type\":\"ReadAction\",\"target\":[\"https:\\\/\\\/farolesdeforja.es\\\/en\\\/tienda\\\/lanterns\\\/hanging-lanterns\\\/la-guardia-lantern\\\/\"]}]},{\"@type\":\"ImageObject\",\"inLanguage\":\"en-US\",\"@id\":\"https:\\\/\\\/farolesdeforja.es\\\/en\\\/tienda\\\/lanterns\\\/hanging-lanterns\\\/la-guardia-lantern\\\/#primaryimage\",\"url\":\"https:\\\/\\\/farolesdeforja.es\\\/wp-content\\\/uploads\\\/2018\\\/05\\\/farol-la-guardia-1xe27-1.jpg\",\"contentUrl\":\"https:\\\/\\\/farolesdeforja.es\\\/wp-content\\\/uploads\\\/2018\\\/05\\\/farol-la-guardia-1xe27-1.jpg\",\"width\":800,\"height\":800},{\"@type\":\"BreadcrumbList\",\"@id\":\"https:\\\/\\\/farolesdeforja.es\\\/en\\\/tienda\\\/lanterns\\\/hanging-lanterns\\\/la-guardia-lantern\\\/#breadcrumb\",\"itemListElement\":[{\"@type\":\"ListItem\",\"position\":1,\"name\":\"Inicio\",\"item\":\"https:\\\/\\\/farolesdeforja.es\\\/en\\\/\"},{\"@type\":\"ListItem\",\"position\":2,\"name\":\"Shop\",\"item\":\"https:\\\/\\\/farolesdeforja.es\\\/en\\\/shop\\\/\"},{\"@type\":\"ListItem\",\"position\":3,\"name\":\"LANTERNS\",\"item\":\"https:\\\/\\\/farolesdeforja.es\\\/en\\\/lanterns\\\/\"},{\"@type\":\"ListItem\",\"position\":4,\"name\":\"Hanging Lanterns\",\"item\":\"https:\\\/\\\/farolesdeforja.es\\\/en\\\/hanging-lanterns\\\/\"},{\"@type\":\"ListItem\",\"position\":5,\"name\":\"&#8216;La Guardia&#8217; Lantern\"}]},{\"@type\":\"WebSite\",\"@id\":\"https:\\\/\\\/farolesdeforja.es\\\/en\\\/#website\",\"url\":\"https:\\\/\\\/farolesdeforja.es\\\/en\\\/\",\"name\":\"Faroles de forja y Mobiliario de forja art\u00edstica | Artesan\u00eda Salcedo Sevilla\",\"description\":\"Faroles de forja y mobiliario fabricados de forma artesanal desde 1971. Artesan\u00eda Salcedo es referente en forja art\u00edstica en Sevilla. Compra online de faroles de forja y env\u00edo GRATIS en casi todos los art\u00edculos \u00a1Personalizamos cualquier pieza!\",\"publisher\":{\"@id\":\"https:\\\/\\\/farolesdeforja.es\\\/en\\\/#organization\"},\"alternateName\":\"Salcedo Sevilla\",\"potentialAction\":[{\"@type\":\"SearchAction\",\"target\":{\"@type\":\"EntryPoint\",\"urlTemplate\":\"https:\\\/\\\/farolesdeforja.es\\\/en\\\/?s={search_term_string}\"},\"query-input\":{\"@type\":\"PropertyValueSpecification\",\"valueRequired\":true,\"valueName\":\"search_term_string\"}}],\"inLanguage\":\"en-US\"},{\"@type\":\"Organization\",\"@id\":\"https:\\\/\\\/farolesdeforja.es\\\/en\\\/#organization\",\"name\":\"Salcedo Sevilla\",\"url\":\"https:\\\/\\\/farolesdeforja.es\\\/en\\\/\",\"logo\":{\"@type\":\"ImageObject\",\"inLanguage\":\"en-US\",\"@id\":\"https:\\\/\\\/farolesdeforja.es\\\/en\\\/#\\\/schema\\\/logo\\\/image\\\/\",\"url\":\"https:\\\/\\\/farolesdeforja.es\\\/wp-content\\\/uploads\\\/2018\\\/04\\\/cropped-favicon.png\",\"contentUrl\":\"https:\\\/\\\/farolesdeforja.es\\\/wp-content\\\/uploads\\\/2018\\\/04\\\/cropped-favicon.png\",\"width\":512,\"height\":512,\"caption\":\"Salcedo Sevilla\"},\"image\":{\"@id\":\"https:\\\/\\\/farolesdeforja.es\\\/en\\\/#\\\/schema\\\/logo\\\/image\\\/\"},\"sameAs\":[\"https:\\\/\\\/www.facebook.com\\\/salcedosevilla\",\"https:\\\/\\\/www.instagram.com\\\/farolesdeforja\\\/\",\"https:\\\/\\\/www.pinterest.com\\\/Farolesdeforja\\\/\"]}]}<\/script>\n<!-- \/ Yoast SEO plugin. -->","yoast_head_json":{"title":"'La Guardia' Lantern | Salcedo Sevilla","description":"Early 20th-century Baroque-style ceiling lantern. Featuring columns and ceiling ornaments, it's ideal for decorating luxurious, antique rooms. >> FREE SHIPPING","robots":{"index":"index","follow":"follow","max-snippet":"max-snippet:-1","max-image-preview":"max-image-preview:large","max-video-preview":"max-video-preview:-1"},"canonical":"https:\/\/farolesdeforja.es\/en\/tienda\/lanterns\/hanging-lanterns\/la-guardia-lantern\/","og_locale":"en_US","og_type":"article","og_title":"'La Guardia' Lantern | Salcedo Sevilla","og_description":"Early 20th-century Baroque-style ceiling lantern. Featuring columns and ceiling ornaments, it's ideal for decorating luxurious, antique rooms. >> FREE SHIPPING","og_url":"https:\/\/farolesdeforja.es\/en\/tienda\/lanterns\/hanging-lanterns\/la-guardia-lantern\/","og_site_name":"Faroles de forja y Mobiliario de forja art\u00edstica | Artesan\u00eda Salcedo Sevilla","article_publisher":"https:\/\/www.facebook.com\/salcedosevilla","article_modified_time":"2025-06-09T11:03:11+00:00","og_image":[{"width":800,"height":800,"url":"https:\/\/farolesdeforja.es\/wp-content\/uploads\/2018\/05\/farol-la-guardia-1xe27-1.jpg","type":"image\/jpeg"}],"twitter_card":"summary_large_image","twitter_misc":{"Est. reading time":"1 minute"},"schema":{"@context":"https:\/\/schema.org","@graph":[{"@type":"WebPage","@id":"https:\/\/farolesdeforja.es\/en\/tienda\/lanterns\/hanging-lanterns\/la-guardia-lantern\/","url":"https:\/\/farolesdeforja.es\/en\/tienda\/lanterns\/hanging-lanterns\/la-guardia-lantern\/","name":"'La Guardia' Lantern | Salcedo Sevilla","isPartOf":{"@id":"https:\/\/farolesdeforja.es\/en\/#website"},"primaryImageOfPage":{"@id":"https:\/\/farolesdeforja.es\/en\/tienda\/lanterns\/hanging-lanterns\/la-guardia-lantern\/#primaryimage"},"image":{"@id":"https:\/\/farolesdeforja.es\/en\/tienda\/lanterns\/hanging-lanterns\/la-guardia-lantern\/#primaryimage"},"thumbnailUrl":"https:\/\/farolesdeforja.es\/wp-content\/uploads\/2018\/05\/farol-la-guardia-1xe27-1.jpg","datePublished":"2018-05-22T10:26:55+00:00","dateModified":"2025-06-09T11:03:11+00:00","description":"Early 20th-century Baroque-style ceiling lantern. Featuring columns and ceiling ornaments, it's ideal for decorating luxurious, antique rooms. >> FREE SHIPPING","breadcrumb":{"@id":"https:\/\/farolesdeforja.es\/en\/tienda\/lanterns\/hanging-lanterns\/la-guardia-lantern\/#breadcrumb"},"inLanguage":"en-US","potentialAction":[{"@type":"ReadAction","target":["https:\/\/farolesdeforja.es\/en\/tienda\/lanterns\/hanging-lanterns\/la-guardia-lantern\/"]}]},{"@type":"ImageObject","inLanguage":"en-US","@id":"https:\/\/farolesdeforja.es\/en\/tienda\/lanterns\/hanging-lanterns\/la-guardia-lantern\/#primaryimage","url":"https:\/\/farolesdeforja.es\/wp-content\/uploads\/2018\/05\/farol-la-guardia-1xe27-1.jpg","contentUrl":"https:\/\/farolesdeforja.es\/wp-content\/uploads\/2018\/05\/farol-la-guardia-1xe27-1.jpg","width":800,"height":800},{"@type":"BreadcrumbList","@id":"https:\/\/farolesdeforja.es\/en\/tienda\/lanterns\/hanging-lanterns\/la-guardia-lantern\/#breadcrumb","itemListElement":[{"@type":"ListItem","position":1,"name":"Inicio","item":"https:\/\/farolesdeforja.es\/en\/"},{"@type":"ListItem","position":2,"name":"Shop","item":"https:\/\/farolesdeforja.es\/en\/shop\/"},{"@type":"ListItem","position":3,"name":"LANTERNS","item":"https:\/\/farolesdeforja.es\/en\/lanterns\/"},{"@type":"ListItem","position":4,"name":"Hanging Lanterns","item":"https:\/\/farolesdeforja.es\/en\/hanging-lanterns\/"},{"@type":"ListItem","position":5,"name":"&#8216;La Guardia&#8217; Lantern"}]},{"@type":"WebSite","@id":"https:\/\/farolesdeforja.es\/en\/#website","url":"https:\/\/farolesdeforja.es\/en\/","name":"Faroles de forja y Mobiliario de forja art\u00edstica | Artesan\u00eda Salcedo Sevilla","description":"Faroles de forja y mobiliario fabricados de forma artesanal desde 1971. Artesan\u00eda Salcedo es referente en forja art\u00edstica en Sevilla. Compra online de faroles de forja y env\u00edo GRATIS en casi todos los art\u00edculos \u00a1Personalizamos cualquier pieza!","publisher":{"@id":"https:\/\/farolesdeforja.es\/en\/#organization"},"alternateName":"Salcedo Sevilla","potentialAction":[{"@type":"SearchAction","target":{"@type":"EntryPoint","urlTemplate":"https:\/\/farolesdeforja.es\/en\/?s={search_term_string}"},"query-input":{"@type":"PropertyValueSpecification","valueRequired":true,"valueName":"search_term_string"}}],"inLanguage":"en-US"},{"@type":"Organization","@id":"https:\/\/farolesdeforja.es\/en\/#organization","name":"Salcedo Sevilla","url":"https:\/\/farolesdeforja.es\/en\/","logo":{"@type":"ImageObject","inLanguage":"en-US","@id":"https:\/\/farolesdeforja.es\/en\/#\/schema\/logo\/image\/","url":"https:\/\/farolesdeforja.es\/wp-content\/uploads\/2018\/04\/cropped-favicon.png","contentUrl":"https:\/\/farolesdeforja.es\/wp-content\/uploads\/2018\/04\/cropped-favicon.png","width":512,"height":512,"caption":"Salcedo Sevilla"},"image":{"@id":"https:\/\/farolesdeforja.es\/en\/#\/schema\/logo\/image\/"},"sameAs":["https:\/\/www.facebook.com\/salcedosevilla","https:\/\/www.instagram.com\/farolesdeforja\/","https:\/\/www.pinterest.com\/Farolesdeforja\/"]}]}},"uagb_featured_image_src":{"full":["https:\/\/farolesdeforja.es\/wp-content\/uploads\/2018\/05\/farol-la-guardia-1xe27-1.jpg",800,800,false],"thumbnail":["https:\/\/farolesdeforja.es\/wp-content\/uploads\/2018\/05\/farol-la-guardia-1xe27-1-150x150.jpg",150,150,true],"medium":["https:\/\/farolesdeforja.es\/wp-content\/uploads\/2018\/05\/farol-la-guardia-1xe27-1-300x300.jpg",300,300,true],"medium_large":["https:\/\/farolesdeforja.es\/wp-content\/uploads\/2018\/05\/farol-la-guardia-1xe27-1-768x768.jpg",768,768,true],"large":["https:\/\/farolesdeforja.es\/wp-content\/uploads\/2018\/05\/farol-la-guardia-1xe27-1-1024x1024.jpg",1024,1024,true],"1536x1536":["https:\/\/farolesdeforja.es\/wp-content\/uploads\/2018\/05\/farol-la-guardia-1xe27-1.jpg",800,800,false],"2048x2048":["https:\/\/farolesdeforja.es\/wp-content\/uploads\/2018\/05\/farol-la-guardia-1xe27-1.jpg",800,800,false],"bdpp-medium":["https:\/\/farolesdeforja.es\/wp-content\/uploads\/2018\/05\/farol-la-guardia-1xe27-1.jpg",480,480,false],"woocommerce_thumbnail":["https:\/\/farolesdeforja.es\/wp-content\/uploads\/2018\/05\/farol-la-guardia-1xe27-1-300x300.jpg",300,300,true],"woocommerce_single":["https:\/\/farolesdeforja.es\/wp-content\/uploads\/2018\/05\/farol-la-guardia-1xe27-1-600x600.jpg",600,600,true],"woocommerce_gallery_thumbnail":["https:\/\/farolesdeforja.es\/wp-content\/uploads\/2018\/05\/farol-la-guardia-1xe27-1-100x100.jpg",100,100,true]},"uagb_author_info":{"display_name":"Alberto Tello","author_link":"https:\/\/farolesdeforja.es\/en\/author\/"},"uagb_comment_info":0,"uagb_excerpt":"Material: Tin-coated steel sheet, glass.","_links":{"self":[{"href":"https:\/\/farolesdeforja.es\/en\/wp-json\/wp\/v2\/product\/24412","targetHints":{"allow":["GET"]}}],"collection":[{"href":"https:\/\/farolesdeforja.es\/en\/wp-json\/wp\/v2\/product"}],"about":[{"href":"https:\/\/farolesdeforja.es\/en\/wp-json\/wp\/v2\/types\/product"}],"wp:featuredmedia":[{"embeddable":true,"href":"https:\/\/farolesdeforja.es\/en\/wp-json\/wp\/v2\/media\/20705"}],"wp:attachment":[{"href":"https:\/\/farolesdeforja.es\/en\/wp-json\/wp\/v2\/media?parent=24412"}],"wp:term":[{"taxonomy":"product_brand","embeddable":true,"href":"https:\/\/farolesdeforja.es\/en\/wp-json\/wp\/v2\/product_brand?post=24412"},{"taxonomy":"product_cat","embeddable":true,"href":"https:\/\/farolesdeforja.es\/en\/wp-json\/wp\/v2\/product_cat?post=24412"},{"taxonomy":"product_tag","embeddable":true,"href":"https:\/\/farolesdeforja.es\/en\/wp-json\/wp\/v2\/product_tag?post=24412"}],"curies":[{"name":"wp","href":"https:\/\/api.w.org\/{rel}","templated":true}]}}