{"id":21481,"date":"2024-12-26T11:22:28","date_gmt":"2024-12-26T10:22:28","guid":{"rendered":"https:\/\/farolesdeforja.es\/special-requests\/"},"modified":"2025-05-27T13:40:59","modified_gmt":"2025-05-27T12:40:59","slug":"special-requests","status":"publish","type":"page","link":"https:\/\/farolesdeforja.es\/en\/special-requests\/","title":{"rendered":"Special requests"},"content":{"rendered":"\n<div class=\"wp-block-uagb-container row1 uagb-block-268b1c3f default uagb-is-root-container\">\n<div class=\"wp-block-uagb-container uagb-block-5d08f1ac\">\n<div class=\"wp-block-uagb-advanced-heading uagb-block-9039949c preheader\"><p class=\"uagb-heading-text\">HANDMADE<\/p><\/div>\n\n\n\n<div class=\"wp-block-uagb-advanced-heading uagb-block-0fe52d15 title\"><h1 class=\"uagb-heading-text\">Special requests<\/h1><\/div>\n\n\n\n<p class=\"texto\" style=\"padding-top:var(--wp--preset--spacing--60)\">We forge your ideas! In addition to the complete catalog of handcrafted pieces, available on our website or in the physical store.<br>we also manufacture totally customized pieces or modify our models, according to the customer&#8217;s indications.<\/p>\n\n\n\n<p>Just tell us which product you want to customize or your original proposal and we will send you both our professional point of view and the corresponding quotation.<\/p>\n\n\n\n<p class=\"texto\" style=\"padding-top:var(--wp--preset--spacing--60)\">There are no limits to forging craftsmanship!<\/p>\n<\/div>\n\n\n\n<div class=\"wp-block-uagb-container uagb-block-5e67325f\">\n<div class=\"wpcf7 no-js\" id=\"wpcf7-f24535-o1\" lang=\"en-US\" dir=\"ltr\" data-wpcf7-id=\"24535\">\n<div class=\"screen-reader-response\"><p role=\"status\" aria-live=\"polite\" aria-atomic=\"true\"><\/p> <ul><\/ul><\/div>\n<form action=\"\/en\/wp-json\/wp\/v2\/pages\/21481#wpcf7-f24535-o1\" method=\"post\" class=\"wpcf7-form init\" aria-label=\"Contact form\" novalidate=\"novalidate\" data-status=\"init\">\n<fieldset class=\"hidden-fields-container\"><input type=\"hidden\" name=\"_wpcf7\" value=\"24535\" \/><input type=\"hidden\" name=\"_wpcf7_version\" value=\"6.1.5\" \/><input type=\"hidden\" name=\"_wpcf7_locale\" value=\"en_US\" \/><input type=\"hidden\" name=\"_wpcf7_unit_tag\" value=\"wpcf7-f24535-o1\" \/><input type=\"hidden\" name=\"_wpcf7_container_post\" value=\"0\" \/><input type=\"hidden\" name=\"_wpcf7_posted_data_hash\" value=\"\" \/><input type=\"hidden\" name=\"_wpcf7_recaptcha_response\" value=\"\" \/>\n<\/fieldset>\n<div class=\"form-peticiones\">\n\t<p><span class=\"wpcf7-form-control-wrap\" data-name=\"your-name\"><input size=\"40\" maxlength=\"400\" class=\"wpcf7-form-control wpcf7-text wpcf7-validates-as-required\" aria-required=\"true\" aria-invalid=\"false\" placeholder=\"Name\" value=\"\" type=\"text\" name=\"your-name\" \/><\/span><span class=\"wpcf7-form-control-wrap\" data-name=\"your-email\"><input size=\"40\" maxlength=\"400\" class=\"wpcf7-form-control wpcf7-email wpcf7-validates-as-required wpcf7-text wpcf7-validates-as-email\" aria-required=\"true\" aria-invalid=\"false\" placeholder=\"Email\" value=\"\" type=\"email\" name=\"your-email\" \/><\/span><span class=\"wpcf7-form-control-wrap\" data-name=\"telefono\"><input size=\"40\" maxlength=\"400\" class=\"wpcf7-form-control wpcf7-tel wpcf7-validates-as-required wpcf7-text wpcf7-validates-as-tel\" aria-required=\"true\" aria-invalid=\"false\" placeholder=\"Phone\" value=\"\" type=\"tel\" name=\"telefono\" \/><\/span><span class=\"wpcf7-form-control-wrap\" data-name=\"modelo\"><input size=\"40\" maxlength=\"400\" class=\"wpcf7-form-control wpcf7-text\" aria-invalid=\"false\" placeholder=\"Model\" value=\"\" type=\"text\" name=\"modelo\" \/><\/span><span class=\"wpcf7-form-control-wrap\" data-name=\"asunto\"><input size=\"40\" maxlength=\"400\" class=\"wpcf7-form-control wpcf7-text\" aria-invalid=\"false\" placeholder=\"Subject\" value=\"\" type=\"text\" name=\"asunto\" \/><\/span><span class=\"wpcf7-form-control-wrap\" data-name=\"consulta\"><textarea cols=\"40\" rows=\"10\" maxlength=\"2000\" class=\"wpcf7-form-control wpcf7-textarea\" aria-invalid=\"false\" placeholder=\"Consult\" name=\"consulta\"><\/textarea><\/span>\n\t<\/p>\n\t<p class=\"scrollinginfo\"><br \/>\nWe inform you that your personal data will be included in a register of processing activities under the responsibility of Juan Alberto Jim\u00e9nez Tello, with NIF 27309544-B, address at C\/ Cuesta del Rosario 16-C, 41004, Seville, and email info@farolesdeforja.es and whose purpose is to answer your query through this form. No transfer of data is contemplated. We will keep your data until the end of the professional relationship and for the periods required by law to meet any liabilities after the end of the relationship. The data will be processed in a lawful, fair, transparent, adequate, relevant, limited, accurate and up-to-date manner. You may exercise your right of access, rectification, deletion, portability of your data and limitation or opposition at the addresses indicated. In the event of discrepancies, you may lodge a complaint with the Spanish Data Protection Agency (www.agpd.es).<br \/>\nMore information on the treatment can be found in the <a href=\"https:\/\/www.farolesdeforja.es\/politica-de-privacidad\/\">Privacy policy.<\/a>\n\t<\/p>\n\t<p><span class=\"wpcf7-form-control-wrap\" data-name=\"acceptance-687\"><span class=\"wpcf7-form-control wpcf7-acceptance\"><span class=\"wpcf7-list-item\"><label><input type=\"checkbox\" name=\"acceptance-687\" value=\"1\" aria-invalid=\"false\" \/><span class=\"wpcf7-list-item-label\">I have read and accept the <a href=\"https:\/\/farolesdeforja.es\/en\/legal-notice\/\">Legal notice<\/a>, the<a href=\"https:\/\/farolesdeforja.es\/en\/privacy-policy\/\">Privacy Policy<\/a>, <a href=\"https:\/\/farolesdeforja.es\/en\/cookies-policy\/\">Cookie Policy<\/a> and <a href=\"https:\/\/www.farolesdeforja.es\/condiciones-de-compra\/\">the Terms and Conditions of Sale of this website.<\/a><\/span><\/label><\/span><\/span><\/span><span class=\"wpcf7-form-control-wrap\" data-name=\"envioscomerciales\"><span class=\"wpcf7-form-control wpcf7-acceptance optional\"><span class=\"wpcf7-list-item\"><label><input type=\"checkbox\" name=\"envioscomerciales\" value=\"1\" aria-invalid=\"false\" \/><span class=\"wpcf7-list-item-label\">I agree to receive offers of ARTESANIA SALCEDO products, including by e-mail. You can unsubscribe at any time. To do so, please see our contact information in the legal notice.<\/span><\/label><\/span><\/span><\/span><br \/>\n\t<input class=\"wpcf7-form-control wpcf7-submit has-spinner\" type=\"submit\" value=\"Send enquiry\" \/>\n\t<\/p>\n<\/div>\n<style>p.scrollinginfo {\n font-size: 12px;\n overflow-y: auto;\n max-height: 80px;\n box-shadow: inset 1px 1px 6px #00000047;\n border-radius: 20px;\n padding: 0px 20px;\n}\n.wpcf7-acceptance label {\n display: flex;\n align-content: flex-start;\n align-items: center;\n gap: 10px;\n margin-top: 10px;\n}\nspan.wpcf7-list-item-label {\n font-size: 12px;\n font-weight: 500;\n line-height: 16px;\n color: #000;\n}\n<\/style><div class=\"wpcf7-response-output\" aria-hidden=\"true\"><\/div>\n<\/form>\n<\/div>\n\n<\/div>\n<\/div>\n\n\n\n<div class=\"wp-block-uagb-container uagb-block-89e7722b alignfull uagb-is-root-container\">\n<div class=\"wp-block-uagb-container title uagb-block-1f278a00 default uagb-is-root-container\">\n<div class=\"wp-block-uagb-advanced-heading uagb-block-aaf6edbe title\"><h3 class=\"uagb-heading-text\">Experts in film sets and productions<\/h3><\/div>\n\n\n\n<p class=\"has-text-align-center\">ALSO IN DECORATION AND INTERIOR DESIGN<\/p>\n<\/div>\n<\/div>\n\n\n\n<div class=\"wp-block-uagb-container div-galeria-grid uagb-block-56a1b4f3 alignfull uagb-is-root-container\">\n<style>\n.galeria-grid {\ndisplay: grid;\ngrid-template-columns: repeat(7, 1fr);\ngrid-template-rows: repeat(2, 250px);\ngrid-column-gap: 0px;\ngrid-row-gap: 0px;\n}\n\n.imagegrid1 { grid-area: 1 \/ 1 \/ 3 \/ 3; background:url(https:\/\/www.farolesdeforja.es\/wp-content\/uploads\/2023\/01\/7.jpg ); background-size: cover; background-repeat: no-repeat;}\n.imagegrid2 { grid-area: 1 \/ 3 \/ 2 \/ 4; background:url(https:\/\/www.farolesdeforja.es\/wp-content\/uploads\/2023\/01\/6.jpg ); background-size: cover; background-repeat: no-repeat;}\n.imagegrid3 { grid-area: 2 \/ 3 \/ 3 \/ 5; background:url(https:\/\/www.farolesdeforja.es\/wp-content\/uploads\/2023\/01\/4.jpg ); background-size: cover; background-repeat: no-repeat;}\n.imagegrid4 { grid-area: 1 \/ 4 \/ 2 \/ 6; background:url(https:\/\/www.farolesdeforja.es\/wp-content\/uploads\/2023\/01\/3.jpg ); background-size: cover; background-repeat: no-repeat;}\n.imagegrid5 { grid-area: 2 \/ 5 \/ 3 \/ 6; background:url(https:\/\/www.farolesdeforja.es\/wp-content\/uploads\/2023\/01\/5.jpg ); background-size: cover; background-repeat: no-repeat;}\n.imagegrid6 { grid-area: 1 \/ 6 \/ 3 \/ 7; background:url(https:\/\/www.farolesdeforja.es\/wp-content\/uploads\/2023\/01\/2.jpg ); background-size: cover; background-repeat: no-repeat;}\n.imagegrid7 { grid-area: 1 \/ 7 \/ 3 \/ 8; background:url(https:\/\/www.farolesdeforja.es\/wp-content\/uploads\/2023\/01\/1.jpg ); background-size: cover; background-repeat: no-repeat;}\n<\/style>\n\n\n<a class=\"link-galeria\" href=\"https:\/\/www.farolesdeforja.es\/galeria\/\">\n<div class=\"galeria-grid\">\n<div class=\"imagegrid1\"> <\/div>\n<div class=\"imagegrid2\"> <\/div>\n<div class=\"imagegrid3\"> <\/div>\n<div class=\"imagegrid4\"> <\/div>\n<div class=\"imagegrid5\"> <\/div>\n<div class=\"imagegrid6\"> <\/div>\n<div class=\"imagegrid7\"> <\/div>\n<\/div>\n<\/a>\n<\/div>\n","protected":false},"excerpt":{"rendered":"<p>HANDMADE Special requests We forge your ideas! In addition to the complete catalog of handcrafted pieces, available on our website or in the physical store.we also manufacture totally customized pieces or modify our models, according to the customer&#8217;s indications. Just tell us which product you want to customize or your original proposal and we will [&hellip;]<\/p>\n","protected":false},"author":1,"featured_media":21843,"parent":0,"menu_order":0,"comment_status":"closed","ping_status":"closed","template":"","meta":{"inline_featured_image":false,"_uag_custom_page_level_css":"","site-sidebar-layout":"default","site-content-layout":"","ast-site-content-layout":"","site-content-style":"default","site-sidebar-style":"default","ast-global-header-display":"","ast-banner-title-visibility":"","ast-main-header-display":"","ast-hfb-above-header-display":"","ast-hfb-below-header-display":"","ast-hfb-mobile-header-display":"","site-post-title":"disabled","ast-breadcrumbs-content":"","ast-featured-img":"disabled","footer-sml-layout":"","ast-disable-related-posts":"","theme-transparent-header-meta":"","adv-header-id-meta":"","stick-header-meta":"","header-above-stick-meta":"","header-main-stick-meta":"","header-below-stick-meta":"","astra-migrate-meta-layouts":"default","ast-page-background-enabled":"default","ast-page-background-meta":{"desktop":{"background-color":"var(--ast-global-color-4)","background-image":"","background-repeat":"repeat","background-position":"center center","background-size":"auto","background-attachment":"scroll","background-type":"","background-media":"","overlay-type":"","overlay-color":"","overlay-opacity":"","overlay-gradient":""},"tablet":{"background-color":"","background-image":"","background-repeat":"repeat","background-position":"center center","background-size":"auto","background-attachment":"scroll","background-type":"","background-media":"","overlay-type":"","overlay-color":"","overlay-opacity":"","overlay-gradient":""},"mobile":{"background-color":"","background-image":"","background-repeat":"repeat","background-position":"center center","background-size":"auto","background-attachment":"scroll","background-type":"","background-media":"","overlay-type":"","overlay-color":"","overlay-opacity":"","overlay-gradient":""}},"ast-content-background-meta":{"desktop":{"background-color":"var(--ast-global-color-5)","background-image":"","background-repeat":"repeat","background-position":"center center","background-size":"auto","background-attachment":"scroll","background-type":"","background-media":"","overlay-type":"","overlay-color":"","overlay-opacity":"","overlay-gradient":""},"tablet":{"background-color":"var(--ast-global-color-5)","background-image":"","background-repeat":"repeat","background-position":"center center","background-size":"auto","background-attachment":"scroll","background-type":"","background-media":"","overlay-type":"","overlay-color":"","overlay-opacity":"","overlay-gradient":""},"mobile":{"background-color":"var(--ast-global-color-5)","background-image":"","background-repeat":"repeat","background-position":"center center","background-size":"auto","background-attachment":"scroll","background-type":"","background-media":"","overlay-type":"","overlay-color":"","overlay-opacity":"","overlay-gradient":""}},"footnotes":""},"class_list":["post-21481","page","type-page","status-publish","has-post-thumbnail","hentry"],"yoast_head":"<!-- This site is optimized with the Yoast SEO plugin v27.4 - https:\/\/yoast.com\/product\/yoast-seo-wordpress\/ -->\n<title>Special requests | Salcedo Seville<\/title>\n<meta name=\"description\" content=\"We forge your ideas! In addition to the complete catalog of handcrafted pieces, we also manufacture totally customized pieces.\" \/>\n<meta name=\"robots\" content=\"index, follow, max-snippet:-1, max-image-preview:large, max-video-preview:-1\" \/>\n<link rel=\"canonical\" href=\"https:\/\/farolesdeforja.es\/en\/special-requests\/\" \/>\n<meta property=\"og:locale\" content=\"en_US\" \/>\n<meta property=\"og:type\" content=\"article\" \/>\n<meta property=\"og:title\" content=\"Special requests | Salcedo Seville\" \/>\n<meta property=\"og:description\" content=\"We forge your ideas! In addition to the complete catalog of handcrafted pieces, we also manufacture totally customized pieces.\" \/>\n<meta property=\"og:url\" content=\"https:\/\/farolesdeforja.es\/en\/special-requests\/\" \/>\n<meta property=\"og:site_name\" content=\"Faroles de forja y Mobiliario de forja art\u00edstica | Artesan\u00eda Salcedo Sevilla\" \/>\n<meta property=\"article:publisher\" content=\"https:\/\/www.facebook.com\/salcedosevilla\" \/>\n<meta property=\"article:modified_time\" content=\"2025-05-27T12:40:59+00:00\" \/>\n<meta property=\"og:image\" content=\"https:\/\/farolesdeforja.es\/wp-content\/uploads\/2018\/05\/renacimiento-1-scaled.jpg\" \/>\n\t<meta property=\"og:image:width\" content=\"1928\" \/>\n\t<meta property=\"og:image:height\" content=\"2560\" \/>\n\t<meta property=\"og:image:type\" content=\"image\/jpeg\" \/>\n<meta name=\"twitter:card\" content=\"summary_large_image\" \/>\n<meta name=\"twitter:label1\" content=\"Est. reading time\" \/>\n\t<meta name=\"twitter:data1\" content=\"1 minute\" \/>\n<script type=\"application\/ld+json\" class=\"yoast-schema-graph\">{\"@context\":\"https:\\\/\\\/schema.org\",\"@graph\":[{\"@type\":\"WebPage\",\"@id\":\"https:\\\/\\\/farolesdeforja.es\\\/en\\\/special-requests\\\/\",\"url\":\"https:\\\/\\\/farolesdeforja.es\\\/en\\\/special-requests\\\/\",\"name\":\"Special requests | Salcedo Seville\",\"isPartOf\":{\"@id\":\"https:\\\/\\\/farolesdeforja.es\\\/en\\\/#website\"},\"primaryImageOfPage\":{\"@id\":\"https:\\\/\\\/farolesdeforja.es\\\/en\\\/special-requests\\\/#primaryimage\"},\"image\":{\"@id\":\"https:\\\/\\\/farolesdeforja.es\\\/en\\\/special-requests\\\/#primaryimage\"},\"thumbnailUrl\":\"https:\\\/\\\/farolesdeforja.es\\\/wp-content\\\/uploads\\\/2018\\\/05\\\/renacimiento-1-scaled.jpg\",\"datePublished\":\"2024-12-26T10:22:28+00:00\",\"dateModified\":\"2025-05-27T12:40:59+00:00\",\"description\":\"We forge your ideas! In addition to the complete catalog of handcrafted pieces, we also manufacture totally customized pieces.\",\"breadcrumb\":{\"@id\":\"https:\\\/\\\/farolesdeforja.es\\\/en\\\/special-requests\\\/#breadcrumb\"},\"inLanguage\":\"en-US\",\"potentialAction\":[{\"@type\":\"ReadAction\",\"target\":[\"https:\\\/\\\/farolesdeforja.es\\\/en\\\/special-requests\\\/\"]}]},{\"@type\":\"ImageObject\",\"inLanguage\":\"en-US\",\"@id\":\"https:\\\/\\\/farolesdeforja.es\\\/en\\\/special-requests\\\/#primaryimage\",\"url\":\"https:\\\/\\\/farolesdeforja.es\\\/wp-content\\\/uploads\\\/2018\\\/05\\\/renacimiento-1-scaled.jpg\",\"contentUrl\":\"https:\\\/\\\/farolesdeforja.es\\\/wp-content\\\/uploads\\\/2018\\\/05\\\/renacimiento-1-scaled.jpg\",\"width\":1928,\"height\":2560,\"caption\":\"Farol negro de techo\"},{\"@type\":\"BreadcrumbList\",\"@id\":\"https:\\\/\\\/farolesdeforja.es\\\/en\\\/special-requests\\\/#breadcrumb\",\"itemListElement\":[{\"@type\":\"ListItem\",\"position\":1,\"name\":\"Inicio\",\"item\":\"https:\\\/\\\/farolesdeforja.es\\\/en\\\/\"},{\"@type\":\"ListItem\",\"position\":2,\"name\":\"Special requests\"}]},{\"@type\":\"WebSite\",\"@id\":\"https:\\\/\\\/farolesdeforja.es\\\/en\\\/#website\",\"url\":\"https:\\\/\\\/farolesdeforja.es\\\/en\\\/\",\"name\":\"Faroles de forja y Mobiliario de forja art\u00edstica | Artesan\u00eda Salcedo Sevilla\",\"description\":\"Faroles de forja y mobiliario fabricados de forma artesanal desde 1971. Artesan\u00eda Salcedo es referente en forja art\u00edstica en Sevilla. Compra online de faroles de forja y env\u00edo GRATIS en casi todos los art\u00edculos \u00a1Personalizamos cualquier pieza!\",\"publisher\":{\"@id\":\"https:\\\/\\\/farolesdeforja.es\\\/en\\\/#organization\"},\"alternateName\":\"Salcedo Sevilla\",\"potentialAction\":[{\"@type\":\"SearchAction\",\"target\":{\"@type\":\"EntryPoint\",\"urlTemplate\":\"https:\\\/\\\/farolesdeforja.es\\\/en\\\/?s={search_term_string}\"},\"query-input\":{\"@type\":\"PropertyValueSpecification\",\"valueRequired\":true,\"valueName\":\"search_term_string\"}}],\"inLanguage\":\"en-US\"},{\"@type\":\"Organization\",\"@id\":\"https:\\\/\\\/farolesdeforja.es\\\/en\\\/#organization\",\"name\":\"Salcedo Sevilla\",\"url\":\"https:\\\/\\\/farolesdeforja.es\\\/en\\\/\",\"logo\":{\"@type\":\"ImageObject\",\"inLanguage\":\"en-US\",\"@id\":\"https:\\\/\\\/farolesdeforja.es\\\/en\\\/#\\\/schema\\\/logo\\\/image\\\/\",\"url\":\"https:\\\/\\\/farolesdeforja.es\\\/wp-content\\\/uploads\\\/2018\\\/04\\\/cropped-favicon.png\",\"contentUrl\":\"https:\\\/\\\/farolesdeforja.es\\\/wp-content\\\/uploads\\\/2018\\\/04\\\/cropped-favicon.png\",\"width\":512,\"height\":512,\"caption\":\"Salcedo Sevilla\"},\"image\":{\"@id\":\"https:\\\/\\\/farolesdeforja.es\\\/en\\\/#\\\/schema\\\/logo\\\/image\\\/\"},\"sameAs\":[\"https:\\\/\\\/www.facebook.com\\\/salcedosevilla\",\"https:\\\/\\\/www.instagram.com\\\/farolesdeforja\\\/\",\"https:\\\/\\\/www.pinterest.com\\\/Farolesdeforja\\\/\"]}]}<\/script>\n<!-- \/ Yoast SEO plugin. -->","yoast_head_json":{"title":"Special requests | Salcedo Seville","description":"We forge your ideas! In addition to the complete catalog of handcrafted pieces, we also manufacture totally customized pieces.","robots":{"index":"index","follow":"follow","max-snippet":"max-snippet:-1","max-image-preview":"max-image-preview:large","max-video-preview":"max-video-preview:-1"},"canonical":"https:\/\/farolesdeforja.es\/en\/special-requests\/","og_locale":"en_US","og_type":"article","og_title":"Special requests | Salcedo Seville","og_description":"We forge your ideas! In addition to the complete catalog of handcrafted pieces, we also manufacture totally customized pieces.","og_url":"https:\/\/farolesdeforja.es\/en\/special-requests\/","og_site_name":"Faroles de forja y Mobiliario de forja art\u00edstica | Artesan\u00eda Salcedo Sevilla","article_publisher":"https:\/\/www.facebook.com\/salcedosevilla","article_modified_time":"2025-05-27T12:40:59+00:00","og_image":[{"width":1928,"height":2560,"url":"https:\/\/farolesdeforja.es\/wp-content\/uploads\/2018\/05\/renacimiento-1-scaled.jpg","type":"image\/jpeg"}],"twitter_card":"summary_large_image","twitter_misc":{"Est. reading time":"1 minute"},"schema":{"@context":"https:\/\/schema.org","@graph":[{"@type":"WebPage","@id":"https:\/\/farolesdeforja.es\/en\/special-requests\/","url":"https:\/\/farolesdeforja.es\/en\/special-requests\/","name":"Special requests | Salcedo Seville","isPartOf":{"@id":"https:\/\/farolesdeforja.es\/en\/#website"},"primaryImageOfPage":{"@id":"https:\/\/farolesdeforja.es\/en\/special-requests\/#primaryimage"},"image":{"@id":"https:\/\/farolesdeforja.es\/en\/special-requests\/#primaryimage"},"thumbnailUrl":"https:\/\/farolesdeforja.es\/wp-content\/uploads\/2018\/05\/renacimiento-1-scaled.jpg","datePublished":"2024-12-26T10:22:28+00:00","dateModified":"2025-05-27T12:40:59+00:00","description":"We forge your ideas! In addition to the complete catalog of handcrafted pieces, we also manufacture totally customized pieces.","breadcrumb":{"@id":"https:\/\/farolesdeforja.es\/en\/special-requests\/#breadcrumb"},"inLanguage":"en-US","potentialAction":[{"@type":"ReadAction","target":["https:\/\/farolesdeforja.es\/en\/special-requests\/"]}]},{"@type":"ImageObject","inLanguage":"en-US","@id":"https:\/\/farolesdeforja.es\/en\/special-requests\/#primaryimage","url":"https:\/\/farolesdeforja.es\/wp-content\/uploads\/2018\/05\/renacimiento-1-scaled.jpg","contentUrl":"https:\/\/farolesdeforja.es\/wp-content\/uploads\/2018\/05\/renacimiento-1-scaled.jpg","width":1928,"height":2560,"caption":"Farol negro de techo"},{"@type":"BreadcrumbList","@id":"https:\/\/farolesdeforja.es\/en\/special-requests\/#breadcrumb","itemListElement":[{"@type":"ListItem","position":1,"name":"Inicio","item":"https:\/\/farolesdeforja.es\/en\/"},{"@type":"ListItem","position":2,"name":"Special requests"}]},{"@type":"WebSite","@id":"https:\/\/farolesdeforja.es\/en\/#website","url":"https:\/\/farolesdeforja.es\/en\/","name":"Faroles de forja y Mobiliario de forja art\u00edstica | Artesan\u00eda Salcedo Sevilla","description":"Faroles de forja y mobiliario fabricados de forma artesanal desde 1971. Artesan\u00eda Salcedo es referente en forja art\u00edstica en Sevilla. Compra online de faroles de forja y env\u00edo GRATIS en casi todos los art\u00edculos \u00a1Personalizamos cualquier pieza!","publisher":{"@id":"https:\/\/farolesdeforja.es\/en\/#organization"},"alternateName":"Salcedo Sevilla","potentialAction":[{"@type":"SearchAction","target":{"@type":"EntryPoint","urlTemplate":"https:\/\/farolesdeforja.es\/en\/?s={search_term_string}"},"query-input":{"@type":"PropertyValueSpecification","valueRequired":true,"valueName":"search_term_string"}}],"inLanguage":"en-US"},{"@type":"Organization","@id":"https:\/\/farolesdeforja.es\/en\/#organization","name":"Salcedo Sevilla","url":"https:\/\/farolesdeforja.es\/en\/","logo":{"@type":"ImageObject","inLanguage":"en-US","@id":"https:\/\/farolesdeforja.es\/en\/#\/schema\/logo\/image\/","url":"https:\/\/farolesdeforja.es\/wp-content\/uploads\/2018\/04\/cropped-favicon.png","contentUrl":"https:\/\/farolesdeforja.es\/wp-content\/uploads\/2018\/04\/cropped-favicon.png","width":512,"height":512,"caption":"Salcedo Sevilla"},"image":{"@id":"https:\/\/farolesdeforja.es\/en\/#\/schema\/logo\/image\/"},"sameAs":["https:\/\/www.facebook.com\/salcedosevilla","https:\/\/www.instagram.com\/farolesdeforja\/","https:\/\/www.pinterest.com\/Farolesdeforja\/"]}]}},"uagb_featured_image_src":{"full":["https:\/\/farolesdeforja.es\/wp-content\/uploads\/2018\/05\/renacimiento-1-scaled.jpg",1928,2560,false],"thumbnail":["https:\/\/farolesdeforja.es\/wp-content\/uploads\/2018\/05\/renacimiento-1-150x150.jpg",150,150,true],"medium":["https:\/\/farolesdeforja.es\/wp-content\/uploads\/2018\/05\/renacimiento-1-226x300.jpg",226,300,true],"medium_large":["https:\/\/farolesdeforja.es\/wp-content\/uploads\/2018\/05\/renacimiento-1-768x1020.jpg",768,1020,true],"large":["https:\/\/farolesdeforja.es\/wp-content\/uploads\/2018\/05\/renacimiento-1-771x1024.jpg",771,1024,true],"1536x1536":["https:\/\/farolesdeforja.es\/wp-content\/uploads\/2018\/05\/renacimiento-1-1157x1536.jpg",1157,1536,true],"2048x2048":["https:\/\/farolesdeforja.es\/wp-content\/uploads\/2018\/05\/renacimiento-1-1542x2048.jpg",1542,2048,true],"bdpp-medium":["https:\/\/farolesdeforja.es\/wp-content\/uploads\/2018\/05\/renacimiento-1-640x480.jpg",640,480,true],"woocommerce_thumbnail":["https:\/\/farolesdeforja.es\/wp-content\/uploads\/2018\/05\/renacimiento-1-300x300.jpg",300,300,true],"woocommerce_single":["https:\/\/farolesdeforja.es\/wp-content\/uploads\/2018\/05\/renacimiento-1-600x797.jpg",600,797,true],"woocommerce_gallery_thumbnail":["https:\/\/farolesdeforja.es\/wp-content\/uploads\/2018\/05\/renacimiento-1-100x100.jpg",100,100,true]},"uagb_author_info":{"display_name":"Salcedo artesan\u00eda","author_link":"https:\/\/farolesdeforja.es\/en\/author\/businessgo\/"},"uagb_comment_info":0,"uagb_excerpt":"HANDMADE Special requests We forge your ideas! In addition to the complete catalog of handcrafted pieces, available on our website or in the physical store.we also manufacture totally customized pieces or modify our models, according to the customer&#8217;s indications. Just tell us which product you want to customize or your original proposal and we will&hellip;","_links":{"self":[{"href":"https:\/\/farolesdeforja.es\/en\/wp-json\/wp\/v2\/pages\/21481","targetHints":{"allow":["GET"]}}],"collection":[{"href":"https:\/\/farolesdeforja.es\/en\/wp-json\/wp\/v2\/pages"}],"about":[{"href":"https:\/\/farolesdeforja.es\/en\/wp-json\/wp\/v2\/types\/page"}],"author":[{"embeddable":true,"href":"https:\/\/farolesdeforja.es\/en\/wp-json\/wp\/v2\/users\/1"}],"replies":[{"embeddable":true,"href":"https:\/\/farolesdeforja.es\/en\/wp-json\/wp\/v2\/comments?post=21481"}],"version-history":[{"count":2,"href":"https:\/\/farolesdeforja.es\/en\/wp-json\/wp\/v2\/pages\/21481\/revisions"}],"predecessor-version":[{"id":24550,"href":"https:\/\/farolesdeforja.es\/en\/wp-json\/wp\/v2\/pages\/21481\/revisions\/24550"}],"wp:featuredmedia":[{"embeddable":true,"href":"https:\/\/farolesdeforja.es\/en\/wp-json\/wp\/v2\/media\/21843"}],"wp:attachment":[{"href":"https:\/\/farolesdeforja.es\/en\/wp-json\/wp\/v2\/media?parent=21481"}],"curies":[{"name":"wp","href":"https:\/\/api.w.org\/{rel}","templated":true}]}}